{"id":11828,"date":"2023-01-26T18:25:45","date_gmt":"2023-01-26T18:25:45","guid":{"rendered":"https:\/\/kmg-auto.ma\/?page_id=11828"},"modified":"2023-02-05T18:21:53","modified_gmt":"2023-02-05T18:21:53","slug":"historique","status":"publish","type":"page","link":"https:\/\/kmg-auto.ma\/index.php\/historique\/","title":{"rendered":"HISTORIQUE"},"content":{"rendered":"\t\t<div data-elementor-type=\"wp-page\" data-elementor-id=\"11828\" class=\"elementor elementor-11828\">\n\t\t\t\t\t\t<section class=\"elementor-section elementor-top-section elementor-element elementor-element-c3fedca elementor-section-boxed elementor-section-height-default elementor-section-height-default\" data-id=\"c3fedca\" data-element_type=\"section\" data-e-type=\"section\">\n\t\t\t\t\t\t<div class=\"elementor-container elementor-column-gap-default\">\n\t\t\t\t\t<div class=\"elementor-column elementor-col-100 elementor-top-column elementor-element elementor-element-4684308\" data-id=\"4684308\" data-element_type=\"column\" data-e-type=\"column\">\n\t\t\t<div class=\"elementor-widget-wrap elementor-element-populated\">\n\t\t\t\t\t\t<div class=\"elementor-element elementor-element-ad4f6ac elementor-widget elementor-widget-text-editor\" data-id=\"ad4f6ac\" data-element_type=\"widget\" data-e-type=\"widget\" data-widget_type=\"text-editor.default\">\n\t\t\t\t<div class=\"elementor-widget-container\">\n\t\t\t\t\t\t\t\t\t<p>L\u2019histoire d\u2019amour entre les Marocains et l\u2019automobile ne date pas d\u2019hier. C\u2019est une histoire qui remonte \u00e0 plus d\u2019un si\u00e8cle. On se rem\u00e9more les Limousines Hotchkiss et Torpedo, les Panhard et les Bugar qui, d\u00e8s les ann\u00e9es 20, circulaient sur le bitume tout frais des routes reliant Casablanca, Marrakech, Tanger et Mazagan. ou encore aux\u00a0 Rolls\u00a0 Royce\u00a0 que\u00a0 les\u00a0 Marocains s\u2019accoutument et ne s\u2019\u00e9tonnent plus de voir circuler dans les rues de Marrakech ou de Casablanca.\u00a0<\/p>\t\t\t\t\t\t\t\t<\/div>\n\t\t\t\t<\/div>\n\t\t\t\t<div class=\"elementor-element elementor-element-3bbfb6d elementor-widget elementor-widget-heading\" data-id=\"3bbfb6d\" data-element_type=\"widget\" data-e-type=\"widget\" data-widget_type=\"heading.default\">\n\t\t\t\t<div class=\"elementor-widget-container\">\n\t\t\t\t\t<h3 class=\"elementor-heading-title elementor-size-default\">Plus d\u2019un si\u00e8cle d\u2019histoire de l\u2019Automobile au Maroc<\/h3>\t\t\t\t<\/div>\n\t\t\t\t<\/div>\n\t\t\t\t\t<\/div>\n\t\t<\/div>\n\t\t\t\t\t<\/div>\n\t\t<\/section>\n\t\t\t\t<section class=\"elementor-section elementor-top-section elementor-element elementor-element-ec1db81 elementor-section-full_width elementor-section-height-default elementor-section-height-default\" data-id=\"ec1db81\" data-element_type=\"section\" data-e-type=\"section\">\n\t\t\t\t\t\t<div class=\"elementor-container elementor-column-gap-default\">\n\t\t\t\t\t<div class=\"elementor-column elementor-col-16 elementor-top-column elementor-element elementor-element-df9be35\" data-id=\"df9be35\" data-element_type=\"column\" data-e-type=\"column\">\n\t\t\t<div class=\"elementor-widget-wrap elementor-element-populated\">\n\t\t\t\t\t\t<div class=\"elementor-element elementor-element-1adfaaa elementor-widget elementor-widget-heading\" data-id=\"1adfaaa\" data-element_type=\"widget\" data-e-type=\"widget\" data-widget_type=\"heading.default\">\n\t\t\t\t<div class=\"elementor-widget-container\">\n\t\t\t\t\t<h5 class=\"elementor-heading-title elementor-size-default\">1892:\nLA 1\u00c8RE DAIMLER, LIVR\u00c9E AU MAROC\n<\/h5>\t\t\t\t<\/div>\n\t\t\t\t<\/div>\n\t\t\t\t<div class=\"elementor-element elementor-element-e978088 elementor-widget elementor-widget-image\" data-id=\"e978088\" data-element_type=\"widget\" data-e-type=\"widget\" data-widget_type=\"image.default\">\n\t\t\t\t<div class=\"elementor-widget-container\">\n\t\t\t\t\t\t\t\t\t\t\t\t\t\t\t<img decoding=\"async\" width=\"128\" height=\"94\" src=\"https:\/\/kmg-auto.ma\/wp-content\/uploads\/2023\/02\/1.jpg\" class=\"attachment-large size-large wp-image-12214\" alt=\"\" \/>\t\t\t\t\t\t\t\t\t\t\t\t\t\t\t<\/div>\n\t\t\t\t<\/div>\n\t\t\t\t<div class=\"elementor-element elementor-element-31e7dd8 elementor-widget elementor-widget-text-editor\" data-id=\"31e7dd8\" data-element_type=\"widget\" data-e-type=\"widget\" data-widget_type=\"text-editor.default\">\n\t\t\t\t<div class=\"elementor-widget-container\">\n\t\t\t\t\t\t\t\t\t<p>Il s\u2019agit du Daimler Schroedter- Wagen\u00a0 dot\u00e9\u00a0 du\u00a0\u00a0 premier moteur \u00e0 essence fonctionnel de l\u2019histoire de l\u2019automobile. Le premier mod\u00e8le du fruit de la\u00a0 collaboration de Gottlieb Daimler et Wilhelm Maybach a \u00e9t\u00e9 vendu en 1892 au Sultan\u00a0 Hassan\u00a0 1er\u00a0 (1873- 1894).<\/p>\t\t\t\t\t\t\t\t<\/div>\n\t\t\t\t<\/div>\n\t\t\t\t\t<\/div>\n\t\t<\/div>\n\t\t\t\t<div class=\"elementor-column elementor-col-16 elementor-top-column elementor-element elementor-element-42c8fe4\" data-id=\"42c8fe4\" data-element_type=\"column\" data-e-type=\"column\">\n\t\t\t<div class=\"elementor-widget-wrap elementor-element-populated\">\n\t\t\t\t\t\t<div class=\"elementor-element elementor-element-7e540ed elementor-widget elementor-widget-heading\" data-id=\"7e540ed\" data-element_type=\"widget\" data-e-type=\"widget\" data-widget_type=\"heading.default\">\n\t\t\t\t<div class=\"elementor-widget-container\">\n\t\t\t\t\t<h5 class=\"elementor-heading-title elementor-size-default\">1912:\n1ERE COURSE AUTOMOBILE\n<\/h5>\t\t\t\t<\/div>\n\t\t\t\t<\/div>\n\t\t\t\t<div class=\"elementor-element elementor-element-063bb67 elementor-widget elementor-widget-image\" data-id=\"063bb67\" data-element_type=\"widget\" data-e-type=\"widget\" data-widget_type=\"image.default\">\n\t\t\t\t<div class=\"elementor-widget-container\">\n\t\t\t\t\t\t\t\t\t\t\t\t\t\t\t<img decoding=\"async\" width=\"124\" height=\"92\" src=\"https:\/\/kmg-auto.ma\/wp-content\/uploads\/2023\/02\/2.jpg\" class=\"attachment-large size-large wp-image-12215\" alt=\"\" \/>\t\t\t\t\t\t\t\t\t\t\t\t\t\t\t<\/div>\n\t\t\t\t<\/div>\n\t\t\t\t<div class=\"elementor-element elementor-element-ee7ec12 elementor-widget elementor-widget-text-editor\" data-id=\"ee7ec12\" data-element_type=\"widget\" data-e-type=\"widget\" data-widget_type=\"text-editor.default\">\n\t\t\t\t<div class=\"elementor-widget-container\">\n\t\t\t\t\t\t\t\t\t<p>La toute premi\u00e8re course automobile du Maroc a eu lieu en 1912. Le circuit, d\u2019une distance d\u2019environ 90\u00a0 km, liait Rabat \u00e0 Casablanca. Elle fut\u00a0 remport\u00e9e\u00a0 par\u00a0\u00a0 une Panhard qui fit le trajet en 5 heures,\u00a0 soit\u00a0 quelques minutes de moins que le train rapide qui reliait Rabat \u00e0 Casablanca \u00e0 cette \u00e9poque.<\/p>\t\t\t\t\t\t\t\t<\/div>\n\t\t\t\t<\/div>\n\t\t\t\t\t<\/div>\n\t\t<\/div>\n\t\t\t\t<div class=\"elementor-column elementor-col-16 elementor-top-column elementor-element elementor-element-a9f9913\" data-id=\"a9f9913\" data-element_type=\"column\" data-e-type=\"column\">\n\t\t\t<div class=\"elementor-widget-wrap elementor-element-populated\">\n\t\t\t\t\t\t<div class=\"elementor-element elementor-element-82db6c4 elementor-widget elementor-widget-heading\" data-id=\"82db6c4\" data-element_type=\"widget\" data-e-type=\"widget\" data-widget_type=\"heading.default\">\n\t\t\t\t<div class=\"elementor-widget-container\">\n\t\t\t\t\t<h5 class=\"elementor-heading-title elementor-size-default\">1929:\nRALLYE DU MAROC\n\n<\/h5>\t\t\t\t<\/div>\n\t\t\t\t<\/div>\n\t\t\t\t<div class=\"elementor-element elementor-element-4b6908c elementor-widget elementor-widget-image\" data-id=\"4b6908c\" data-element_type=\"widget\" data-e-type=\"widget\" data-widget_type=\"image.default\">\n\t\t\t\t<div class=\"elementor-widget-container\">\n\t\t\t\t\t\t\t\t\t\t\t\t\t\t\t<img decoding=\"async\" width=\"124\" height=\"92\" src=\"https:\/\/kmg-auto.ma\/wp-content\/uploads\/2023\/02\/3.jpg\" class=\"attachment-large size-large wp-image-12216\" alt=\"\" \/>\t\t\t\t\t\t\t\t\t\t\t\t\t\t\t<\/div>\n\t\t\t\t<\/div>\n\t\t\t\t<div class=\"elementor-element elementor-element-f68fee7 elementor-widget elementor-widget-text-editor\" data-id=\"f68fee7\" data-element_type=\"widget\" data-e-type=\"widget\" data-widget_type=\"text-editor.default\">\n\t\t\t\t<div class=\"elementor-widget-container\">\n\t\t\t\t\t\t\t\t\t<p>La premi\u00e8re \u00e9dition du Rallye du Maroc s\u2019est d\u00e9roul\u00e9e en Mai\u00a0 1929.\u00a0 Un\u00a0 rallye\u00a0 tr\u00e8s difficile\u00a0 ayant connu\u00a0 la\u00a0 participation de\u00a0 28 \u00e9quipages dont\u00a0 12 seulement ont r\u00e9ussi\u00a0 \u00e0 franchir la ligne d\u2019arriv\u00e9e, \u00e0 leur t\u00eate le fran\u00e7ais Edouard Meyer\u00a0 au\u00a0 volant\u00a0 d\u2019une Bugatti.<\/p>\t\t\t\t\t\t\t\t<\/div>\n\t\t\t\t<\/div>\n\t\t\t\t\t<\/div>\n\t\t<\/div>\n\t\t\t\t<div class=\"elementor-column elementor-col-16 elementor-top-column elementor-element elementor-element-fc9dde9\" data-id=\"fc9dde9\" data-element_type=\"column\" data-e-type=\"column\">\n\t\t\t<div class=\"elementor-widget-wrap elementor-element-populated\">\n\t\t\t\t\t\t<div class=\"elementor-element elementor-element-5ebcc95 elementor-widget elementor-widget-heading\" data-id=\"5ebcc95\" data-element_type=\"widget\" data-e-type=\"widget\" data-widget_type=\"heading.default\">\n\t\t\t\t<div class=\"elementor-widget-container\">\n\t\t\t\t\t<h5 class=\"elementor-heading-title elementor-size-default\">1958:\nGRAND PRIX FORMULE 1<\/h5>\t\t\t\t<\/div>\n\t\t\t\t<\/div>\n\t\t\t\t<div class=\"elementor-element elementor-element-5e7c4ea elementor-widget elementor-widget-image\" data-id=\"5e7c4ea\" data-element_type=\"widget\" data-e-type=\"widget\" data-widget_type=\"image.default\">\n\t\t\t\t<div class=\"elementor-widget-container\">\n\t\t\t\t\t\t\t\t\t\t\t\t\t\t\t<img loading=\"lazy\" decoding=\"async\" width=\"122\" height=\"89\" src=\"https:\/\/kmg-auto.ma\/wp-content\/uploads\/2023\/02\/4.jpg\" class=\"attachment-large size-large wp-image-12217\" alt=\"\" \/>\t\t\t\t\t\t\t\t\t\t\t\t\t\t\t<\/div>\n\t\t\t\t<\/div>\n\t\t\t\t<div class=\"elementor-element elementor-element-d86411b elementor-widget elementor-widget-text-editor\" data-id=\"d86411b\" data-element_type=\"widget\" data-e-type=\"widget\" data-widget_type=\"text-editor.default\">\n\t\t\t\t<div class=\"elementor-widget-container\">\n\t\t\t\t\t\t\t\t\t<p>Le\u00a0 19\u00a0 octobre\u00a0 1958, Casablanca\u00a0 accueillait\u00a0 le Grand\u00a0 Prix automobile du Maroc qui\u00a0 constitua une manche\u00a0 du Championnat du Monde de Formule 1. Quelques\u00a0 60\u00a0 000 spectateurs\u00a0 dont\u00a0 200 journalistes ont assist\u00e9 \u00e0 la course\u00a0 qui\u00a0 a\u00a0 connu\u00a0 la participation des meilleurs pilotes de l\u2019\u00e9poque comme Stirlling\u00a0 Moss\u00a0 et\u00a0 Mike Hawthorn.<\/p>\t\t\t\t\t\t\t\t<\/div>\n\t\t\t\t<\/div>\n\t\t\t\t\t<\/div>\n\t\t<\/div>\n\t\t\t\t<div class=\"elementor-column elementor-col-16 elementor-top-column elementor-element elementor-element-2407d35\" data-id=\"2407d35\" data-element_type=\"column\" data-e-type=\"column\">\n\t\t\t<div class=\"elementor-widget-wrap elementor-element-populated\">\n\t\t\t\t\t\t<div class=\"elementor-element elementor-element-7329ca5 elementor-widget elementor-widget-heading\" data-id=\"7329ca5\" data-element_type=\"widget\" data-e-type=\"widget\" data-widget_type=\"heading.default\">\n\t\t\t\t<div class=\"elementor-widget-container\">\n\t\t\t\t\t<h5 class=\"elementor-heading-title elementor-size-default\">1959\u00a0:\nUSINE SOMACA - 2012 USINE RENAULT TANGER\n<\/h5>\t\t\t\t<\/div>\n\t\t\t\t<\/div>\n\t\t\t\t<div class=\"elementor-element elementor-element-1b98669 elementor-widget elementor-widget-image\" data-id=\"1b98669\" data-element_type=\"widget\" data-e-type=\"widget\" data-widget_type=\"image.default\">\n\t\t\t\t<div class=\"elementor-widget-container\">\n\t\t\t\t\t\t\t\t\t\t\t\t\t\t\t<img loading=\"lazy\" decoding=\"async\" width=\"259\" height=\"194\" src=\"https:\/\/kmg-auto.ma\/wp-content\/uploads\/2023\/02\/somaca.jpeg\" class=\"attachment-large size-large wp-image-12255\" alt=\"\" \/>\t\t\t\t\t\t\t\t\t\t\t\t\t\t\t<\/div>\n\t\t\t\t<\/div>\n\t\t\t\t<div class=\"elementor-element elementor-element-273ec69 elementor-widget elementor-widget-text-editor\" data-id=\"273ec69\" data-element_type=\"widget\" data-e-type=\"widget\" data-widget_type=\"text-editor.default\">\n\t\t\t\t<div class=\"elementor-widget-container\">\n\t\t\t\t\t\t\t\t\t<p>Cr\u00e9ation de l\u2019usine SOMACA en vue du montage en CKD de mod\u00e8les Fiat et Simca.<br \/>Implant\u00e9e \u00e0 A\u00efn Sebaa, dans la zone industrielle de Casablanca, sur un site de la 290\u00a0040\u00a0m 2<br \/>dont une superficie couverte de 90 000 m 2 . La production de la 1 \u00e8re ann\u00e9e (1962) \u00e9tait de 2.247 unit\u00e9s.<\/p>\t\t\t\t\t\t\t\t<\/div>\n\t\t\t\t<\/div>\n\t\t\t\t\t<\/div>\n\t\t<\/div>\n\t\t\t\t<div class=\"elementor-column elementor-col-16 elementor-top-column elementor-element elementor-element-44a1bdf\" data-id=\"44a1bdf\" data-element_type=\"column\" data-e-type=\"column\">\n\t\t\t<div class=\"elementor-widget-wrap elementor-element-populated\">\n\t\t\t\t\t\t<div class=\"elementor-element elementor-element-766fb8a elementor-widget elementor-widget-heading\" data-id=\"766fb8a\" data-element_type=\"widget\" data-e-type=\"widget\" data-widget_type=\"heading.default\">\n\t\t\t\t<div class=\"elementor-widget-container\">\n\t\t\t\t\t<h5 class=\"elementor-heading-title elementor-size-default\">2019\u00a0:\nUSINE Peugeot Kenitra\n<\/h5>\t\t\t\t<\/div>\n\t\t\t\t<\/div>\n\t\t\t\t<div class=\"elementor-element elementor-element-c2e705e elementor-widget elementor-widget-image\" data-id=\"c2e705e\" data-element_type=\"widget\" data-e-type=\"widget\" data-widget_type=\"image.default\">\n\t\t\t\t<div class=\"elementor-widget-container\">\n\t\t\t\t\t\t\t\t\t\t\t\t\t\t\t<img loading=\"lazy\" decoding=\"async\" width=\"299\" height=\"168\" src=\"https:\/\/kmg-auto.ma\/wp-content\/uploads\/2023\/02\/Usine-PSA-Kenitra-Mohamed-VI.jpg\" class=\"attachment-large size-large wp-image-12238\" alt=\"\" \/>\t\t\t\t\t\t\t\t\t\t\t\t\t\t\t<\/div>\n\t\t\t\t<\/div>\n\t\t\t\t<div class=\"elementor-element elementor-element-d9038ad elementor-widget elementor-widget-text-editor\" data-id=\"d9038ad\" data-element_type=\"widget\" data-e-type=\"widget\" data-widget_type=\"text-editor.default\">\n\t\t\t\t<div class=\"elementor-widget-container\">\n\t\t\t\t\t\t\t\t\t<p>Pour sa premi\u00e8re implantation sur le continent africain, la marque PEUGEOT a choisi de s\u2019installer sur la zone franche de de K\u00e9nitra avec un investissement total de 557 millions d\u2019euros pour une capacit\u00e9 de 200.000\/an. Avec l&#8217;usine de moteurs voisine, le taux d&#8217;int\u00e9gration locale est de 60 % au d\u00e9marrage avant de passer \u00e0 80 %.<\/p>\t\t\t\t\t\t\t\t<\/div>\n\t\t\t\t<\/div>\n\t\t\t\t\t<\/div>\n\t\t<\/div>\n\t\t\t\t\t<\/div>\n\t\t<\/section>\n\t\t\t\t<section class=\"elementor-section elementor-top-section elementor-element elementor-element-7a41fa8 elementor-section-boxed elementor-section-height-default elementor-section-height-default\" data-id=\"7a41fa8\" data-element_type=\"section\" data-e-type=\"section\">\n\t\t\t\t\t\t<div class=\"elementor-container elementor-column-gap-default\">\n\t\t\t\t\t<div class=\"elementor-column elementor-col-33 elementor-top-column elementor-element elementor-element-8d07eaa\" data-id=\"8d07eaa\" data-element_type=\"column\" data-e-type=\"column\">\n\t\t\t<div class=\"elementor-widget-wrap elementor-element-populated\">\n\t\t\t\t\t\t<div class=\"elementor-element elementor-element-1257d28 elementor-widget elementor-widget-image\" data-id=\"1257d28\" data-element_type=\"widget\" data-e-type=\"widget\" data-widget_type=\"image.default\">\n\t\t\t\t<div class=\"elementor-widget-container\">\n\t\t\t\t\t\t\t\t\t\t\t\t\t\t\t<img loading=\"lazy\" decoding=\"async\" width=\"300\" height=\"236\" src=\"https:\/\/kmg-auto.ma\/wp-content\/uploads\/2023\/02\/Mohamed-V-voiture-1947-300x236.jpg\" class=\"attachment-medium size-medium wp-image-12266\" alt=\"\" srcset=\"https:\/\/kmg-auto.ma\/wp-content\/uploads\/2023\/02\/Mohamed-V-voiture-1947-300x236.jpg 300w, https:\/\/kmg-auto.ma\/wp-content\/uploads\/2023\/02\/Mohamed-V-voiture-1947-768x604.jpg 768w, https:\/\/kmg-auto.ma\/wp-content\/uploads\/2023\/02\/Mohamed-V-voiture-1947-600x472.jpg 600w, https:\/\/kmg-auto.ma\/wp-content\/uploads\/2023\/02\/Mohamed-V-voiture-1947.jpg 799w\" sizes=\"(max-width: 300px) 100vw, 300px\" \/>\t\t\t\t\t\t\t\t\t\t\t\t\t\t\t<\/div>\n\t\t\t\t<\/div>\n\t\t\t\t\t<\/div>\n\t\t<\/div>\n\t\t\t\t<div class=\"elementor-column elementor-col-33 elementor-top-column elementor-element elementor-element-360d481\" data-id=\"360d481\" data-element_type=\"column\" data-e-type=\"column\">\n\t\t\t<div class=\"elementor-widget-wrap elementor-element-populated\">\n\t\t\t\t\t\t<div class=\"elementor-element elementor-element-2d0c233 elementor-widget elementor-widget-image\" data-id=\"2d0c233\" data-element_type=\"widget\" data-e-type=\"widget\" data-widget_type=\"image.default\">\n\t\t\t\t<div class=\"elementor-widget-container\">\n\t\t\t\t\t\t\t\t\t\t\t\t\t\t\t<img loading=\"lazy\" decoding=\"async\" width=\"300\" height=\"196\" src=\"https:\/\/kmg-auto.ma\/wp-content\/uploads\/2023\/02\/Photo-Med-V-et-Hassan-II-300x196.jpg\" class=\"attachment-medium size-medium wp-image-12237\" alt=\"\" srcset=\"https:\/\/kmg-auto.ma\/wp-content\/uploads\/2023\/02\/Photo-Med-V-et-Hassan-II-300x196.jpg 300w, https:\/\/kmg-auto.ma\/wp-content\/uploads\/2023\/02\/Photo-Med-V-et-Hassan-II-600x391.jpg 600w, https:\/\/kmg-auto.ma\/wp-content\/uploads\/2023\/02\/Photo-Med-V-et-Hassan-II.jpg 690w\" sizes=\"(max-width: 300px) 100vw, 300px\" \/>\t\t\t\t\t\t\t\t\t\t\t\t\t\t\t<\/div>\n\t\t\t\t<\/div>\n\t\t\t\t\t<\/div>\n\t\t<\/div>\n\t\t\t\t<div class=\"elementor-column elementor-col-33 elementor-top-column elementor-element elementor-element-781fd33\" data-id=\"781fd33\" data-element_type=\"column\" data-e-type=\"column\">\n\t\t\t<div class=\"elementor-widget-wrap elementor-element-populated\">\n\t\t\t\t\t\t<div class=\"elementor-element elementor-element-34f97db elementor-widget elementor-widget-image\" data-id=\"34f97db\" data-element_type=\"widget\" data-e-type=\"widget\" data-widget_type=\"image.default\">\n\t\t\t\t<div class=\"elementor-widget-container\">\n\t\t\t\t\t\t\t\t\t\t\t\t\t\t\t<img loading=\"lazy\" decoding=\"async\" width=\"698\" height=\"289\" src=\"https:\/\/kmg-auto.ma\/wp-content\/uploads\/2023\/02\/11.png\" class=\"attachment-1536x1536 size-1536x1536 wp-image-12236\" alt=\"\" srcset=\"https:\/\/kmg-auto.ma\/wp-content\/uploads\/2023\/02\/11.png 698w, https:\/\/kmg-auto.ma\/wp-content\/uploads\/2023\/02\/11-300x124.png 300w, https:\/\/kmg-auto.ma\/wp-content\/uploads\/2023\/02\/11-600x248.png 600w\" sizes=\"(max-width: 698px) 100vw, 698px\" \/>\t\t\t\t\t\t\t\t\t\t\t\t\t\t\t<\/div>\n\t\t\t\t<\/div>\n\t\t\t\t\t<\/div>\n\t\t<\/div>\n\t\t\t\t\t<\/div>\n\t\t<\/section>\n\t\t\t\t<\/div>\n\t\t","protected":false},"excerpt":{"rendered":"<p>L\u2019histoire d\u2019amour entre les Marocains et l\u2019automobile ne date pas d\u2019hier. C\u2019est une histoire qui remonte \u00e0 plus d\u2019un si\u00e8cle. On se rem\u00e9more les Limousines Hotchkiss et Torpedo, les Panhard et les Bugar qui, d\u00e8s les ann\u00e9es 20, circulaient sur le bitume tout frais des routes reliant Casablanca, Marrakech, Tanger et Mazagan. ou encore aux\u00a0 [&hellip;]<\/p>\n","protected":false},"author":1,"featured_media":0,"parent":0,"menu_order":0,"comment_status":"closed","ping_status":"closed","template":"","meta":{"footnotes":""},"class_list":["post-11828","page","type-page","status-publish","hentry"],"_links":{"self":[{"href":"https:\/\/kmg-auto.ma\/index.php\/wp-json\/wp\/v2\/pages\/11828","targetHints":{"allow":["GET"]}}],"collection":[{"href":"https:\/\/kmg-auto.ma\/index.php\/wp-json\/wp\/v2\/pages"}],"about":[{"href":"https:\/\/kmg-auto.ma\/index.php\/wp-json\/wp\/v2\/types\/page"}],"author":[{"embeddable":true,"href":"https:\/\/kmg-auto.ma\/index.php\/wp-json\/wp\/v2\/users\/1"}],"replies":[{"embeddable":true,"href":"https:\/\/kmg-auto.ma\/index.php\/wp-json\/wp\/v2\/comments?post=11828"}],"version-history":[{"count":47,"href":"https:\/\/kmg-auto.ma\/index.php\/wp-json\/wp\/v2\/pages\/11828\/revisions"}],"predecessor-version":[{"id":12269,"href":"https:\/\/kmg-auto.ma\/index.php\/wp-json\/wp\/v2\/pages\/11828\/revisions\/12269"}],"wp:attachment":[{"href":"https:\/\/kmg-auto.ma\/index.php\/wp-json\/wp\/v2\/media?parent=11828"}],"curies":[{"name":"wp","href":"https:\/\/api.w.org\/{rel}","templated":true}]}}